{"id":21098,"date":"2022-06-27T19:27:40","date_gmt":"2022-06-27T17:27:40","guid":{"rendered":"https:\/\/inmotion-suisse.ch\/produit\/coque-v8f-droite-et-gauche\/"},"modified":"2026-09-04T20:48:19","modified_gmt":"2026-09-04T18:48:19","slug":"gehauseschalen-v8f-rechts-links","status":"publish","type":"product","link":"https:\/\/inmotion-suisse.ch\/de\/produkt\/gehauseschalen-v8f-rechts-links\/","title":{"rendered":"Geh\u00e4useschalen V8F rechts\/links"},"content":{"rendered":"<h2>Geh\u00e4useschalen V8F rechts\/links: Kompatibilit\u00e4t und Einbau<\/h2>\n<p>Geh\u00e4useschalen V8F rechts\/links ist ein Ersatzteil bzw. Zubeh\u00f6r f\u00fcr die im Produkttitel genannten Modelle. Pr\u00fcfen Sie vor der Bestellung die genaue Fahrzeugversion und vergleichen Sie das Teil mit dem Original.<\/p>\n<h3>Vor der Montage pr\u00fcfen<\/h3>\n<p>Pr\u00fcfen Sie Einbauposition, Befestigungspunkte, Abmessungen und Modellrevision mit dem ausgebauten Originalteil.<\/p>\n<h3>Service in der Schweiz<\/h3>\n<p>Inmotion Suisse bietet in der Werkstatt in Bern Diagnose, Reparatur und je nach Bauteil auch den fachgerechten Einbau an. Senden Sie uns bei Unsicherheit Modell, Seriennummer und Fotos des Originalteils bzw. der Steckverbinder.<\/p>\n<h3>H\u00e4ufige Fragen<\/h3>\n<p><strong>Wie pr\u00fcfe ich die Kompatibilit\u00e4t?<\/strong><br \/>Vergleichen Sie das exakte Modell, die Ausf\u00fchrung und die technischen Merkmale mit dem Originalteil.<\/p>\n<p><strong>Ist eine Montage in Bern m\u00f6glich?<\/strong><br \/>Ja, je nach Fahrzeug und Bauteil k\u00f6nnen wir Diagnose und Montage in unserer Werkstatt \u00fcbernehmen.<\/p>\n","protected":false},"excerpt":{"rendered":"<p>Geh\u00e4useschalen V8F rechts\/links \u2013 Ersatzteil oder Zubeh\u00f6r f\u00fcr die angegebenen Modelle. Kompatibilit\u00e4t vor der Bestellung pr\u00fcfen.<\/p>\n","protected":false},"featured_media":21099,"comment_status":"open","ping_status":"closed","template":"","meta":[],"product_brand":[],"product_cat":[1044,1049],"product_tag":[],"class_list":["post-21098","product","type-product","status-publish","has-post-thumbnail","product_cat-ersatzteile-zuverlaessige-komponenten-fuer-jede-reparatur","product_cat-monowheel-teile-zuverlaessige-komponenten-fuer-optimale-leistung","first","instock","taxable","shipping-taxable","purchasable","product-type-simple"],"jetpack_sharing_enabled":true,"jetpack-related-posts":[{"id":21303,"url":"https:\/\/inmotion-suisse.ch\/de\/produkt\/fusstutzenhalter-v8f-paar\/","url_meta":{"origin":21098,"position":0},"title":"Fu\u00dfst\u00fctzenhalter V8F Paar","author":"adminInmotion","date":"17 August 2022","format":false,"excerpt":"Fu\u00dfst\u00fctzenhalter V8F Paar \u2013 Ersatzteil oder Zubeh\u00f6r f\u00fcr die angegebenen Modelle. Kompatibilit\u00e4t vor der Bestellung pr\u00fcfen.","rel":"","context":"\u00c4hnlicher Beitrag","block_context":{"text":"\u00c4hnlicher Beitrag","link":""},"img":{"alt_text":"Pi\u00e8ces de coque et support pour Inmotion V8F","src":"https:\/\/i0.wp.com\/inmotion-suisse.ch\/wp-content\/uploads\/2022\/06\/inmotion-v8-latest-version.webp?resize=350%2C200&ssl=1","width":350,"height":200,"srcset":"https:\/\/i0.wp.com\/inmotion-suisse.ch\/wp-content\/uploads\/2022\/06\/inmotion-v8-latest-version.webp?resize=350%2C200&ssl=1 1x, https:\/\/i0.wp.com\/inmotion-suisse.ch\/wp-content\/uploads\/2022\/06\/inmotion-v8-latest-version.webp?resize=525%2C300&ssl=1 1.5x, https:\/\/i0.wp.com\/inmotion-suisse.ch\/wp-content\/uploads\/2022\/06\/inmotion-v8-latest-version.webp?resize=700%2C400&ssl=1 2x"},"classes":[]},{"id":21315,"url":"https:\/\/inmotion-suisse.ch\/de\/produkt\/trolley-v8-v8f-v8s\/","url_meta":{"origin":21098,"position":1},"title":"Trolley V8\/V8F\/V8S","author":"adminInmotion","date":"8 September 2022","format":false,"excerpt":"Trolley V8\/V8F\/V8S \u2013 Ersatzteil oder Zubeh\u00f6r f\u00fcr die angegebenen Modelle. Kompatibilit\u00e4t vor der Bestellung pr\u00fcfen.","rel":"","context":"\u00c4hnlicher Beitrag","block_context":{"text":"\u00c4hnlicher Beitrag","link":""},"img":{"alt_text":"","src":"https:\/\/i0.wp.com\/inmotion-suisse.ch\/wp-content\/uploads\/2024\/11\/screenshot-2024-11-22-031134.jpg?resize=350%2C200&ssl=1","width":350,"height":200,"srcset":"https:\/\/i0.wp.com\/inmotion-suisse.ch\/wp-content\/uploads\/2024\/11\/screenshot-2024-11-22-031134.jpg?resize=350%2C200&ssl=1 1x, https:\/\/i0.wp.com\/inmotion-suisse.ch\/wp-content\/uploads\/2024\/11\/screenshot-2024-11-22-031134.jpg?resize=525%2C300&ssl=1 1.5x, https:\/\/i0.wp.com\/inmotion-suisse.ch\/wp-content\/uploads\/2024\/11\/screenshot-2024-11-22-031134.jpg?resize=700%2C400&ssl=1 2x"},"classes":[]},{"id":21178,"url":"https:\/\/inmotion-suisse.ch\/de\/produkt\/ladegerat-v8f-v10f\/","url_meta":{"origin":21098,"position":2},"title":"Ladeger\u00e4t V8F &#038; V10F","author":"adminInmotion","date":"27 Juni 2022","format":false,"excerpt":"Ladeger\u00e4t V8F & V10F \u2013 Ersatzteil oder Zubeh\u00f6r f\u00fcr die angegebenen Modelle. Kompatibilit\u00e4t vor der Bestellung pr\u00fcfen.","rel":"","context":"\u00c4hnlicher Beitrag","block_context":{"text":"\u00c4hnlicher Beitrag","link":""},"img":{"alt_text":"","src":"https:\/\/i0.wp.com\/inmotion-suisse.ch\/wp-content\/uploads\/2024\/11\/screenshot-2024-11-15-214220.jpg?resize=350%2C200&ssl=1","width":350,"height":200,"srcset":"https:\/\/i0.wp.com\/inmotion-suisse.ch\/wp-content\/uploads\/2024\/11\/screenshot-2024-11-15-214220.jpg?resize=350%2C200&ssl=1 1x, https:\/\/i0.wp.com\/inmotion-suisse.ch\/wp-content\/uploads\/2024\/11\/screenshot-2024-11-15-214220.jpg?resize=525%2C300&ssl=1 1.5x, https:\/\/i0.wp.com\/inmotion-suisse.ch\/wp-content\/uploads\/2024\/11\/screenshot-2024-11-15-214220.jpg?resize=700%2C400&ssl=1 2x"},"classes":[]},{"id":21102,"url":"https:\/\/inmotion-suisse.ch\/de\/produkt\/reifen-inmotion-v8f\/","url_meta":{"origin":21098,"position":3},"title":"Reifen Inmotion V8F","author":"adminInmotion","date":"27 Juni 2022","format":false,"excerpt":"Reifen Inmotion V8F \u2013 Ersatzteil oder Zubeh\u00f6r f\u00fcr die angegebenen Modelle. Kompatibilit\u00e4t vor der Bestellung pr\u00fcfen.","rel":"","context":"\u00c4hnlicher Beitrag","block_context":{"text":"\u00c4hnlicher Beitrag","link":""},"img":{"alt_text":"","src":"https:\/\/i0.wp.com\/inmotion-suisse.ch\/wp-content\/uploads\/2024\/11\/screenshot-2024-11-22-025332.jpg?resize=350%2C200&ssl=1","width":350,"height":200,"srcset":"https:\/\/i0.wp.com\/inmotion-suisse.ch\/wp-content\/uploads\/2024\/11\/screenshot-2024-11-22-025332.jpg?resize=350%2C200&ssl=1 1x, https:\/\/i0.wp.com\/inmotion-suisse.ch\/wp-content\/uploads\/2024\/11\/screenshot-2024-11-22-025332.jpg?resize=525%2C300&ssl=1 1.5x, https:\/\/i0.wp.com\/inmotion-suisse.ch\/wp-content\/uploads\/2024\/11\/screenshot-2024-11-22-025332.jpg?resize=700%2C400&ssl=1 2x"},"classes":[]},{"id":21617,"url":"https:\/\/inmotion-suisse.ch\/de\/produkt\/schlauch-fur-inmotion-v8f\/","url_meta":{"origin":21098,"position":4},"title":"Schlauch f\u00fcr Inmotion V8F","author":"adminInmotion","date":"27 Juni 2022","format":false,"excerpt":"Schlauch f\u00fcr Inmotion V8F \u2013 Ersatzteil oder Zubeh\u00f6r f\u00fcr die angegebenen Modelle. Kompatibilit\u00e4t vor der Bestellung pr\u00fcfen.","rel":"","context":"\u00c4hnlicher Beitrag","block_context":{"text":"\u00c4hnlicher Beitrag","link":""},"img":{"alt_text":"","src":"https:\/\/i0.wp.com\/inmotion-suisse.ch\/wp-content\/uploads\/2024\/11\/screenshot-2024-11-22-025031.jpg?resize=350%2C200&ssl=1","width":350,"height":200,"srcset":"https:\/\/i0.wp.com\/inmotion-suisse.ch\/wp-content\/uploads\/2024\/11\/screenshot-2024-11-22-025031.jpg?resize=350%2C200&ssl=1 1x, https:\/\/i0.wp.com\/inmotion-suisse.ch\/wp-content\/uploads\/2024\/11\/screenshot-2024-11-22-025031.jpg?resize=525%2C300&ssl=1 1.5x, https:\/\/i0.wp.com\/inmotion-suisse.ch\/wp-content\/uploads\/2024\/11\/screenshot-2024-11-22-025031.jpg?resize=700%2C400&ssl=1 2x"},"classes":[]},{"id":21271,"url":"https:\/\/inmotion-suisse.ch\/de\/produkt\/batteriehalter-inmotion-p1-p1f\/","url_meta":{"origin":21098,"position":5},"title":"Batteriehalter Inmotion P1-P1F","author":"adminInmotion","date":"27 Juni 2022","format":false,"excerpt":"Batteriehalter Inmotion P1-P1F \u2013 Ersatzteil oder Zubeh\u00f6r f\u00fcr die angegebenen Modelle. Kompatibilit\u00e4t vor der Bestellung pr\u00fcfen.","rel":"","context":"\u00c4hnlicher Beitrag","block_context":{"text":"\u00c4hnlicher Beitrag","link":""},"img":{"alt_text":"","src":"https:\/\/i0.wp.com\/inmotion-suisse.ch\/wp-content\/uploads\/2022\/06\/screenshot-2024-11-22-035946.jpg?resize=350%2C200&ssl=1","width":350,"height":200},"classes":[]}],"_links":{"self":[{"href":"https:\/\/inmotion-suisse.ch\/de\/wp-json\/wp\/v2\/product\/21098","targetHints":{"allow":["GET"]}}],"collection":[{"href":"https:\/\/inmotion-suisse.ch\/de\/wp-json\/wp\/v2\/product"}],"about":[{"href":"https:\/\/inmotion-suisse.ch\/de\/wp-json\/wp\/v2\/types\/product"}],"replies":[{"embeddable":true,"href":"https:\/\/inmotion-suisse.ch\/de\/wp-json\/wp\/v2\/comments?post=21098"}],"wp:featuredmedia":[{"embeddable":true,"href":"https:\/\/inmotion-suisse.ch\/de\/wp-json\/wp\/v2\/media\/21099"}],"wp:attachment":[{"href":"https:\/\/inmotion-suisse.ch\/de\/wp-json\/wp\/v2\/media?parent=21098"}],"wp:term":[{"taxonomy":"product_brand","embeddable":true,"href":"https:\/\/inmotion-suisse.ch\/de\/wp-json\/wp\/v2\/product_brand?post=21098"},{"taxonomy":"product_cat","embeddable":true,"href":"https:\/\/inmotion-suisse.ch\/de\/wp-json\/wp\/v2\/product_cat?post=21098"},{"taxonomy":"product_tag","embeddable":true,"href":"https:\/\/inmotion-suisse.ch\/de\/wp-json\/wp\/v2\/product_tag?post=21098"}],"curies":[{"name":"wp","href":"https:\/\/api.w.org\/{rel}","templated":true}]}}