{"id":21206,"date":"2022-06-27T19:28:06","date_gmt":"2022-06-27T17:28:06","guid":{"rendered":"https:\/\/inmotion-suisse.ch\/produit\/chargeur-lively-l6\/"},"modified":"2026-09-04T20:48:30","modified_gmt":"2026-09-04T18:48:30","slug":"ladegerat-lively-l6","status":"publish","type":"product","link":"https:\/\/inmotion-suisse.ch\/de\/produkt\/ladegerat-lively-l6\/","title":{"rendered":"Ladeger\u00e4t Lively\/L6"},"content":{"rendered":"<h2>Ladeger\u00e4t Lively\/L6: Kompatibilit\u00e4t und Einbau<\/h2>\n<p>Ladeger\u00e4t Lively\/L6 ist ein Ersatzteil bzw. Zubeh\u00f6r f\u00fcr die im Produkttitel genannten Modelle. Pr\u00fcfen Sie vor der Bestellung die genaue Fahrzeugversion und vergleichen Sie das Teil mit dem Original.<\/p>\n<h3>Vor der Montage pr\u00fcfen<\/h3>\n<p>Pr\u00fcfen Sie Ausgangsspannung, Ladestrom, Stecker und Polarit\u00e4t mit dem Original-Ladeger\u00e4t und den Fahrzeugdaten.<\/p>\n<h3>Service in der Schweiz<\/h3>\n<p>Inmotion Suisse bietet in der Werkstatt in Bern Diagnose, Reparatur und je nach Bauteil auch den fachgerechten Einbau an. Senden Sie uns bei Unsicherheit Modell, Seriennummer und Fotos des Originalteils bzw. der Steckverbinder.<\/p>\n<h3>H\u00e4ufige Fragen<\/h3>\n<p><strong>Wie pr\u00fcfe ich die Kompatibilit\u00e4t?<\/strong><br \/>Vergleichen Sie das exakte Modell, die Ausf\u00fchrung und die technischen Merkmale mit dem Originalteil.<\/p>\n<p><strong>Ist eine Montage in Bern m\u00f6glich?<\/strong><br \/>Ja, je nach Fahrzeug und Bauteil k\u00f6nnen wir Diagnose und Montage in unserer Werkstatt \u00fcbernehmen.<\/p>\n","protected":false},"excerpt":{"rendered":"<p>Ladeger\u00e4t Lively\/L6 \u2013 Ersatzteil oder Zubeh\u00f6r f\u00fcr die angegebenen Modelle. Kompatibilit\u00e4t vor der Bestellung pr\u00fcfen.<\/p>\n","protected":false},"featured_media":17094,"comment_status":"open","ping_status":"closed","template":"","meta":[],"product_brand":[],"product_cat":[1050,1044],"product_tag":[1095,1097],"class_list":["post-21206","product","type-product","status-publish","has-post-thumbnail","product_cat-e-scooter-teile-zuverlaessig-robust-und-passgenau-fuer-ihren-scooter","product_cat-ersatzteile-zuverlaessige-komponenten-fuer-jede-reparatur","product_tag-der-inmotion-v10f","product_tag-inmotion-v5f-de","first","instock","taxable","shipping-taxable","purchasable","product-type-simple"],"jetpack_sharing_enabled":true,"jetpack-related-posts":[{"id":21208,"url":"https:\/\/inmotion-suisse.ch\/de\/produkt\/schlauch-lively-l6\/","url_meta":{"origin":21206,"position":0},"title":"Schlauch Lively\/L6","author":"adminInmotion","date":"27 Juni 2022","format":false,"excerpt":"Schlauch Lively\/L6 \u2013 Ersatzteil oder Zubeh\u00f6r f\u00fcr die angegebenen Modelle. Kompatibilit\u00e4t vor der Bestellung pr\u00fcfen.","rel":"","context":"\u00c4hnlicher Beitrag","block_context":{"text":"\u00c4hnlicher Beitrag","link":""},"img":{"alt_text":"","src":"https:\/\/i0.wp.com\/inmotion-suisse.ch\/wp-content\/uploads\/2024\/11\/screenshot-2024-11-22-025031.jpg?resize=350%2C200&ssl=1","width":350,"height":200,"srcset":"https:\/\/i0.wp.com\/inmotion-suisse.ch\/wp-content\/uploads\/2024\/11\/screenshot-2024-11-22-025031.jpg?resize=350%2C200&ssl=1 1x, https:\/\/i0.wp.com\/inmotion-suisse.ch\/wp-content\/uploads\/2024\/11\/screenshot-2024-11-22-025031.jpg?resize=525%2C300&ssl=1 1.5x, https:\/\/i0.wp.com\/inmotion-suisse.ch\/wp-content\/uploads\/2024\/11\/screenshot-2024-11-22-025031.jpg?resize=700%2C400&ssl=1 2x"},"classes":[]},{"id":21576,"url":"https:\/\/inmotion-suisse.ch\/de\/produkt\/ladegerat-inmotion-v11\/","url_meta":{"origin":21206,"position":1},"title":"Ladeger\u00e4t Inmotion V11","author":"adminInmotion","date":"21 Februar 2024","format":false,"excerpt":"Ladeger\u00e4t Inmotion V11 \u2013 Ersatzteil oder Zubeh\u00f6r f\u00fcr die angegebenen Modelle. Kompatibilit\u00e4t vor der Bestellung pr\u00fcfen.","rel":"","context":"\u00c4hnlicher Beitrag","block_context":{"text":"\u00c4hnlicher Beitrag","link":""},"img":{"alt_text":"","src":"https:\/\/i0.wp.com\/inmotion-suisse.ch\/wp-content\/uploads\/2024\/11\/screenshot-2024-11-15-214220.jpg?resize=350%2C200&ssl=1","width":350,"height":200,"srcset":"https:\/\/i0.wp.com\/inmotion-suisse.ch\/wp-content\/uploads\/2024\/11\/screenshot-2024-11-15-214220.jpg?resize=350%2C200&ssl=1 1x, https:\/\/i0.wp.com\/inmotion-suisse.ch\/wp-content\/uploads\/2024\/11\/screenshot-2024-11-15-214220.jpg?resize=525%2C300&ssl=1 1.5x, https:\/\/i0.wp.com\/inmotion-suisse.ch\/wp-content\/uploads\/2024\/11\/screenshot-2024-11-15-214220.jpg?resize=700%2C400&ssl=1 2x"},"classes":[]},{"id":21297,"url":"https:\/\/inmotion-suisse.ch\/de\/produkt\/ladegerat-l8-l8f\/","url_meta":{"origin":21206,"position":2},"title":"Ladeger\u00e4t L8-L8F","author":"adminInmotion","date":"27 Juni 2022","format":false,"excerpt":"Ladeger\u00e4t L8-L8F \u2013 Ersatzteil oder Zubeh\u00f6r f\u00fcr die angegebenen Modelle. Kompatibilit\u00e4t vor der Bestellung pr\u00fcfen.","rel":"","context":"\u00c4hnlicher Beitrag","block_context":{"text":"\u00c4hnlicher Beitrag","link":""},"img":{"alt_text":"","src":"https:\/\/i0.wp.com\/inmotion-suisse.ch\/wp-content\/uploads\/2024\/11\/screenshot-2024-11-15-214220.jpg?resize=350%2C200&ssl=1","width":350,"height":200,"srcset":"https:\/\/i0.wp.com\/inmotion-suisse.ch\/wp-content\/uploads\/2024\/11\/screenshot-2024-11-15-214220.jpg?resize=350%2C200&ssl=1 1x, https:\/\/i0.wp.com\/inmotion-suisse.ch\/wp-content\/uploads\/2024\/11\/screenshot-2024-11-15-214220.jpg?resize=525%2C300&ssl=1 1.5x, https:\/\/i0.wp.com\/inmotion-suisse.ch\/wp-content\/uploads\/2024\/11\/screenshot-2024-11-15-214220.jpg?resize=700%2C400&ssl=1 2x"},"classes":[]},{"id":21299,"url":"https:\/\/inmotion-suisse.ch\/de\/produkt\/ladegerat-p1f-p2-p2f\/","url_meta":{"origin":21206,"position":3},"title":"Ladeger\u00e4t P1F-P2-P2F","author":"adminInmotion","date":"27 Juni 2022","format":false,"excerpt":"Ladeger\u00e4t P1F-P2-P2F \u2013 Ersatzteil oder Zubeh\u00f6r f\u00fcr die angegebenen Modelle. Kompatibilit\u00e4t vor der Bestellung pr\u00fcfen.","rel":"","context":"\u00c4hnlicher Beitrag","block_context":{"text":"\u00c4hnlicher Beitrag","link":""},"img":{"alt_text":"","src":"https:\/\/i0.wp.com\/inmotion-suisse.ch\/wp-content\/uploads\/2024\/11\/screenshot-2024-11-15-214220.jpg?resize=350%2C200&ssl=1","width":350,"height":200,"srcset":"https:\/\/i0.wp.com\/inmotion-suisse.ch\/wp-content\/uploads\/2024\/11\/screenshot-2024-11-15-214220.jpg?resize=350%2C200&ssl=1 1x, https:\/\/i0.wp.com\/inmotion-suisse.ch\/wp-content\/uploads\/2024\/11\/screenshot-2024-11-15-214220.jpg?resize=525%2C300&ssl=1 1.5x, https:\/\/i0.wp.com\/inmotion-suisse.ch\/wp-content\/uploads\/2024\/11\/screenshot-2024-11-15-214220.jpg?resize=700%2C400&ssl=1 2x"},"classes":[]},{"id":21178,"url":"https:\/\/inmotion-suisse.ch\/de\/produkt\/ladegerat-v8f-v10f\/","url_meta":{"origin":21206,"position":4},"title":"Ladeger\u00e4t V8F &#038; V10F","author":"adminInmotion","date":"27 Juni 2022","format":false,"excerpt":"Ladeger\u00e4t V8F & V10F \u2013 Ersatzteil oder Zubeh\u00f6r f\u00fcr die angegebenen Modelle. Kompatibilit\u00e4t vor der Bestellung pr\u00fcfen.","rel":"","context":"\u00c4hnlicher Beitrag","block_context":{"text":"\u00c4hnlicher Beitrag","link":""},"img":{"alt_text":"","src":"https:\/\/i0.wp.com\/inmotion-suisse.ch\/wp-content\/uploads\/2024\/11\/screenshot-2024-11-15-214220.jpg?resize=350%2C200&ssl=1","width":350,"height":200,"srcset":"https:\/\/i0.wp.com\/inmotion-suisse.ch\/wp-content\/uploads\/2024\/11\/screenshot-2024-11-15-214220.jpg?resize=350%2C200&ssl=1 1x, https:\/\/i0.wp.com\/inmotion-suisse.ch\/wp-content\/uploads\/2024\/11\/screenshot-2024-11-15-214220.jpg?resize=525%2C300&ssl=1 1.5x, https:\/\/i0.wp.com\/inmotion-suisse.ch\/wp-content\/uploads\/2024\/11\/screenshot-2024-11-15-214220.jpg?resize=700%2C400&ssl=1 2x"},"classes":[]},{"id":21097,"url":"https:\/\/inmotion-suisse.ch\/de\/produkt\/ladegerat-inmotion-l9-lemotion-s1\/","url_meta":{"origin":21206,"position":5},"title":"Ladeger\u00e4t Inmotion L9 &#8211; Lemotion S1","author":"adminInmotion","date":"27 Juni 2022","format":false,"excerpt":"Ladeger\u00e4t Inmotion L9 - Lemotion S1 \u2013 Ersatzteil oder Zubeh\u00f6r f\u00fcr die angegebenen Modelle. Kompatibilit\u00e4t vor der Bestellung pr\u00fcfen.","rel":"","context":"\u00c4hnlicher Beitrag","block_context":{"text":"\u00c4hnlicher Beitrag","link":""},"img":{"alt_text":"","src":"https:\/\/i0.wp.com\/inmotion-suisse.ch\/wp-content\/uploads\/2024\/11\/screenshot-2024-11-15-214220.jpg?resize=350%2C200&ssl=1","width":350,"height":200,"srcset":"https:\/\/i0.wp.com\/inmotion-suisse.ch\/wp-content\/uploads\/2024\/11\/screenshot-2024-11-15-214220.jpg?resize=350%2C200&ssl=1 1x, https:\/\/i0.wp.com\/inmotion-suisse.ch\/wp-content\/uploads\/2024\/11\/screenshot-2024-11-15-214220.jpg?resize=525%2C300&ssl=1 1.5x, https:\/\/i0.wp.com\/inmotion-suisse.ch\/wp-content\/uploads\/2024\/11\/screenshot-2024-11-15-214220.jpg?resize=700%2C400&ssl=1 2x"},"classes":[]}],"_links":{"self":[{"href":"https:\/\/inmotion-suisse.ch\/de\/wp-json\/wp\/v2\/product\/21206","targetHints":{"allow":["GET"]}}],"collection":[{"href":"https:\/\/inmotion-suisse.ch\/de\/wp-json\/wp\/v2\/product"}],"about":[{"href":"https:\/\/inmotion-suisse.ch\/de\/wp-json\/wp\/v2\/types\/product"}],"replies":[{"embeddable":true,"href":"https:\/\/inmotion-suisse.ch\/de\/wp-json\/wp\/v2\/comments?post=21206"}],"wp:featuredmedia":[{"embeddable":true,"href":"https:\/\/inmotion-suisse.ch\/de\/wp-json\/wp\/v2\/media\/17094"}],"wp:attachment":[{"href":"https:\/\/inmotion-suisse.ch\/de\/wp-json\/wp\/v2\/media?parent=21206"}],"wp:term":[{"taxonomy":"product_brand","embeddable":true,"href":"https:\/\/inmotion-suisse.ch\/de\/wp-json\/wp\/v2\/product_brand?post=21206"},{"taxonomy":"product_cat","embeddable":true,"href":"https:\/\/inmotion-suisse.ch\/de\/wp-json\/wp\/v2\/product_cat?post=21206"},{"taxonomy":"product_tag","embeddable":true,"href":"https:\/\/inmotion-suisse.ch\/de\/wp-json\/wp\/v2\/product_tag?post=21206"}],"curies":[{"name":"wp","href":"https:\/\/api.w.org\/{rel}","templated":true}]}}