{"id":21218,"date":"2022-06-27T19:28:09","date_gmt":"2022-06-27T17:28:09","guid":{"rendered":"https:\/\/inmotion-suisse.ch\/produit\/p1f-garde-boue-arriere\/"},"modified":"2026-09-04T20:48:34","modified_gmt":"2026-09-04T18:48:34","slug":"hinteres-schutzblech-inmotion-p1f","status":"publish","type":"product","link":"https:\/\/inmotion-suisse.ch\/de\/produkt\/hinteres-schutzblech-inmotion-p1f\/","title":{"rendered":"Hinteres Schutzblech Inmotion P1F"},"content":{"rendered":"<h2>Hinteres Schutzblech Inmotion P1F: Kompatibilit\u00e4t und Einbau<\/h2>\n<p>Hinteres Schutzblech Inmotion P1F ist ein Ersatzteil bzw. Zubeh\u00f6r f\u00fcr die im Produkttitel genannten Modelle. Pr\u00fcfen Sie vor der Bestellung die genaue Fahrzeugversion und vergleichen Sie das Teil mit dem Original.<\/p>\n<h3>Vor der Montage pr\u00fcfen<\/h3>\n<p>Pr\u00fcfen Sie Einbauposition, Befestigungspunkte, Abmessungen und Modellrevision mit dem ausgebauten Originalteil.<\/p>\n<h3>Service in der Schweiz<\/h3>\n<p>Inmotion Suisse bietet in der Werkstatt in Bern Diagnose, Reparatur und je nach Bauteil auch den fachgerechten Einbau an. Senden Sie uns bei Unsicherheit Modell, Seriennummer und Fotos des Originalteils bzw. der Steckverbinder.<\/p>\n<h3>H\u00e4ufige Fragen<\/h3>\n<p><strong>Wie pr\u00fcfe ich die Kompatibilit\u00e4t?<\/strong><br \/>Vergleichen Sie das exakte Modell, die Ausf\u00fchrung und die technischen Merkmale mit dem Originalteil.<\/p>\n<p><strong>Ist eine Montage in Bern m\u00f6glich?<\/strong><br \/>Ja, je nach Fahrzeug und Bauteil k\u00f6nnen wir Diagnose und Montage in unserer Werkstatt \u00fcbernehmen.<\/p>\n","protected":false},"excerpt":{"rendered":"<p>Hinteres Schutzblech Inmotion P1F \u2013 Ersatzteil oder Zubeh\u00f6r f\u00fcr die angegebenen Modelle. Kompatibilit\u00e4t vor der Bestellung pr\u00fcfen.<\/p>\n","protected":false},"featured_media":18719,"comment_status":"open","ping_status":"closed","template":"","meta":[],"product_brand":[],"product_cat":[1044,1045],"product_tag":[],"class_list":["post-21218","product","type-product","status-publish","has-post-thumbnail","product_cat-ersatzteile-zuverlaessige-komponenten-fuer-jede-reparatur","product_cat-fahrradteile-robust-langlebig-und-perfekt-fuer-jede-fahrt","first","onbackorder","taxable","shipping-taxable","purchasable","product-type-simple"],"jetpack_sharing_enabled":true,"jetpack-related-posts":[{"id":21216,"url":"https:\/\/inmotion-suisse.ch\/de\/produkt\/vorderes-schutzblech-inmotion-p1f-p2-p2f\/","url_meta":{"origin":21218,"position":0},"title":"Vorderes Schutzblech Inmotion P1F\/P2\/P2F","author":"adminInmotion","date":"27 Juni 2022","format":false,"excerpt":"Vorderes Schutzblech Inmotion P1F\/P2\/P2F \u2013 Ersatzteil oder Zubeh\u00f6r f\u00fcr die angegebenen Modelle. Kompatibilit\u00e4t vor der Bestellung pr\u00fcfen.","rel":"","context":"\u00c4hnlicher Beitrag","block_context":{"text":"\u00c4hnlicher Beitrag","link":""},"img":{"alt_text":"","src":"https:\/\/i0.wp.com\/inmotion-suisse.ch\/wp-content\/uploads\/2023\/01\/screenshot-2024-11-22-034115.jpg?resize=350%2C200&ssl=1","width":350,"height":200,"srcset":"https:\/\/i0.wp.com\/inmotion-suisse.ch\/wp-content\/uploads\/2023\/01\/screenshot-2024-11-22-034115.jpg?resize=350%2C200&ssl=1 1x, https:\/\/i0.wp.com\/inmotion-suisse.ch\/wp-content\/uploads\/2023\/01\/screenshot-2024-11-22-034115.jpg?resize=525%2C300&ssl=1 1.5x, https:\/\/i0.wp.com\/inmotion-suisse.ch\/wp-content\/uploads\/2023\/01\/screenshot-2024-11-22-034115.jpg?resize=700%2C400&ssl=1 2x"},"classes":[]},{"id":21204,"url":"https:\/\/inmotion-suisse.ch\/de\/produkt\/schutzblech-inmotion-l8\/","url_meta":{"origin":21218,"position":1},"title":"Schutzblech Inmotion L8","author":"adminInmotion","date":"27 Juni 2022","format":false,"excerpt":"Schutzblech Inmotion L8 \u2013 Ersatzteil oder Zubeh\u00f6r f\u00fcr die angegebenen Modelle. Kompatibilit\u00e4t vor der Bestellung pr\u00fcfen.","rel":"","context":"\u00c4hnlicher Beitrag","block_context":{"text":"\u00c4hnlicher Beitrag","link":""},"img":{"alt_text":"","src":"https:\/\/i0.wp.com\/inmotion-suisse.ch\/wp-content\/uploads\/2024\/11\/screenshot-2024-11-22-032825.jpg?resize=350%2C200&ssl=1","width":350,"height":200,"srcset":"https:\/\/i0.wp.com\/inmotion-suisse.ch\/wp-content\/uploads\/2024\/11\/screenshot-2024-11-22-032825.jpg?resize=350%2C200&ssl=1 1x, https:\/\/i0.wp.com\/inmotion-suisse.ch\/wp-content\/uploads\/2024\/11\/screenshot-2024-11-22-032825.jpg?resize=525%2C300&ssl=1 1.5x, https:\/\/i0.wp.com\/inmotion-suisse.ch\/wp-content\/uploads\/2024\/11\/screenshot-2024-11-22-032825.jpg?resize=700%2C400&ssl=1 2x"},"classes":[]},{"id":21385,"url":"https:\/\/inmotion-suisse.ch\/de\/produkt\/vorderes-schutzblech-inmotion-l9\/","url_meta":{"origin":21218,"position":2},"title":"Vorderes Schutzblech Inmotion L9","author":"adminInmotion","date":"3 Dezember 2022","format":false,"excerpt":"Vorderes Schutzblech Inmotion L9 \u2013 Ersatzteil oder Zubeh\u00f6r f\u00fcr die angegebenen Modelle. Kompatibilit\u00e4t vor der Bestellung pr\u00fcfen.","rel":"","context":"\u00c4hnlicher Beitrag","block_context":{"text":"\u00c4hnlicher Beitrag","link":""},"img":{"alt_text":"Garde-boue avant pour Inmotion L9","src":"https:\/\/i0.wp.com\/inmotion-suisse.ch\/wp-content\/uploads\/2022\/12\/garde-boue-avant-L9-png.webp?resize=350%2C200&ssl=1","width":350,"height":200},"classes":[]},{"id":21407,"url":"https:\/\/inmotion-suisse.ch\/de\/produkt\/hinteres-schutzblech-inmotion-p2-p2f\/","url_meta":{"origin":21218,"position":3},"title":"Hinteres Schutzblech Inmotion P2\/P2F","author":"adminInmotion","date":"12 Januar 2023","format":false,"excerpt":"Hinteres Schutzblech Inmotion P2\/P2F \u2013 Ersatzteil oder Zubeh\u00f6r f\u00fcr die angegebenen Modelle. Kompatibilit\u00e4t vor der Bestellung pr\u00fcfen.","rel":"","context":"\u00c4hnlicher Beitrag","block_context":{"text":"\u00c4hnlicher Beitrag","link":""},"img":{"alt_text":"","src":"https:\/\/i0.wp.com\/inmotion-suisse.ch\/wp-content\/uploads\/2023\/01\/screenshot-2024-11-22-034115.jpg?resize=350%2C200&ssl=1","width":350,"height":200,"srcset":"https:\/\/i0.wp.com\/inmotion-suisse.ch\/wp-content\/uploads\/2023\/01\/screenshot-2024-11-22-034115.jpg?resize=350%2C200&ssl=1 1x, https:\/\/i0.wp.com\/inmotion-suisse.ch\/wp-content\/uploads\/2023\/01\/screenshot-2024-11-22-034115.jpg?resize=525%2C300&ssl=1 1.5x, https:\/\/i0.wp.com\/inmotion-suisse.ch\/wp-content\/uploads\/2023\/01\/screenshot-2024-11-22-034115.jpg?resize=700%2C400&ssl=1 2x"},"classes":[]},{"id":21190,"url":"https:\/\/inmotion-suisse.ch\/de\/produkt\/fusstutzenhalter-vorderrad-p1f\/","url_meta":{"origin":21218,"position":4},"title":"Fu\u00dfst\u00fctzenhalter Vorderrad P1F","author":"adminInmotion","date":"27 Juni 2022","format":false,"excerpt":"Fu\u00dfst\u00fctzenhalter Vorderrad P1F \u2013 Ersatzteil oder Zubeh\u00f6r f\u00fcr die angegebenen Modelle. Kompatibilit\u00e4t vor der Bestellung pr\u00fcfen.","rel":"","context":"\u00c4hnlicher Beitrag","block_context":{"text":"\u00c4hnlicher Beitrag","link":""},"img":{"alt_text":"","src":"https:\/\/i0.wp.com\/inmotion-suisse.ch\/wp-content\/uploads\/2022\/06\/screenshot-2024-11-22-034213.jpg?resize=350%2C200&ssl=1","width":350,"height":200,"srcset":"https:\/\/i0.wp.com\/inmotion-suisse.ch\/wp-content\/uploads\/2022\/06\/screenshot-2024-11-22-034213.jpg?resize=350%2C200&ssl=1 1x, https:\/\/i0.wp.com\/inmotion-suisse.ch\/wp-content\/uploads\/2022\/06\/screenshot-2024-11-22-034213.jpg?resize=525%2C300&ssl=1 1.5x, https:\/\/i0.wp.com\/inmotion-suisse.ch\/wp-content\/uploads\/2022\/06\/screenshot-2024-11-22-034213.jpg?resize=700%2C400&ssl=1 2x"},"classes":[]},{"id":21210,"url":"https:\/\/inmotion-suisse.ch\/de\/produkt\/seitenstander-p1f\/","url_meta":{"origin":21218,"position":5},"title":"Seitenst\u00e4nder P1F","author":"adminInmotion","date":"27 Juni 2022","format":false,"excerpt":"Seitenst\u00e4nder P1F \u2013 Ersatzteil oder Zubeh\u00f6r f\u00fcr die angegebenen Modelle. Kompatibilit\u00e4t vor der Bestellung pr\u00fcfen.","rel":"","context":"\u00c4hnlicher Beitrag","block_context":{"text":"\u00c4hnlicher Beitrag","link":""},"img":{"alt_text":"","src":"https:\/\/i0.wp.com\/inmotion-suisse.ch\/wp-content\/uploads\/2022\/06\/screenshot-2024-11-22-034213-1.jpg?resize=350%2C200&ssl=1","width":350,"height":200,"srcset":"https:\/\/i0.wp.com\/inmotion-suisse.ch\/wp-content\/uploads\/2022\/06\/screenshot-2024-11-22-034213-1.jpg?resize=350%2C200&ssl=1 1x, https:\/\/i0.wp.com\/inmotion-suisse.ch\/wp-content\/uploads\/2022\/06\/screenshot-2024-11-22-034213-1.jpg?resize=525%2C300&ssl=1 1.5x, https:\/\/i0.wp.com\/inmotion-suisse.ch\/wp-content\/uploads\/2022\/06\/screenshot-2024-11-22-034213-1.jpg?resize=700%2C400&ssl=1 2x"},"classes":[]}],"_links":{"self":[{"href":"https:\/\/inmotion-suisse.ch\/de\/wp-json\/wp\/v2\/product\/21218","targetHints":{"allow":["GET"]}}],"collection":[{"href":"https:\/\/inmotion-suisse.ch\/de\/wp-json\/wp\/v2\/product"}],"about":[{"href":"https:\/\/inmotion-suisse.ch\/de\/wp-json\/wp\/v2\/types\/product"}],"replies":[{"embeddable":true,"href":"https:\/\/inmotion-suisse.ch\/de\/wp-json\/wp\/v2\/comments?post=21218"}],"wp:featuredmedia":[{"embeddable":true,"href":"https:\/\/inmotion-suisse.ch\/de\/wp-json\/wp\/v2\/media\/18719"}],"wp:attachment":[{"href":"https:\/\/inmotion-suisse.ch\/de\/wp-json\/wp\/v2\/media?parent=21218"}],"wp:term":[{"taxonomy":"product_brand","embeddable":true,"href":"https:\/\/inmotion-suisse.ch\/de\/wp-json\/wp\/v2\/product_brand?post=21218"},{"taxonomy":"product_cat","embeddable":true,"href":"https:\/\/inmotion-suisse.ch\/de\/wp-json\/wp\/v2\/product_cat?post=21218"},{"taxonomy":"product_tag","embeddable":true,"href":"https:\/\/inmotion-suisse.ch\/de\/wp-json\/wp\/v2\/product_tag?post=21218"}],"curies":[{"name":"wp","href":"https:\/\/api.w.org\/{rel}","templated":true}]}}