{"id":21232,"date":"2022-06-27T19:28:27","date_gmt":"2022-06-27T17:28:27","guid":{"rendered":"https:\/\/inmotion-suisse.ch\/produit\/p1f-disque-frein\/"},"modified":"2026-09-04T20:48:37","modified_gmt":"2026-09-04T18:48:37","slug":"bremsscheibe-p1f","status":"publish","type":"product","link":"https:\/\/inmotion-suisse.ch\/de\/produkt\/bremsscheibe-p1f\/","title":{"rendered":"Bremsscheibe P1F"},"content":{"rendered":"<h2>Bremsscheibe P1F: Kompatibilit\u00e4t und Einbau<\/h2>\n<p>Bremsscheibe P1F ist ein Ersatzteil bzw. Zubeh\u00f6r f\u00fcr die im Produkttitel genannten Modelle. Pr\u00fcfen Sie vor der Bestellung die genaue Fahrzeugversion und vergleichen Sie das Teil mit dem Original.<\/p>\n<p><strong>Zusatzangabe:<\/strong> 120 mm laut Produktangabe<\/p>\n<h3>Vor der Montage pr\u00fcfen<\/h3>\n<p>Bremsenteile sind sicherheitsrelevant. Pr\u00fcfen Sie Einbauposition, Befestigung, Abmessungen und die Funktion der kompletten Bremsanlage nach der Montage.<\/p>\n<h3>Service in der Schweiz<\/h3>\n<p>Inmotion Suisse bietet in der Werkstatt in Bern Diagnose, Reparatur und je nach Bauteil auch den fachgerechten Einbau an. Senden Sie uns bei Unsicherheit Modell, Seriennummer und Fotos des Originalteils bzw. der Steckverbinder.<\/p>\n<h3>H\u00e4ufige Fragen<\/h3>\n<p><strong>Wie pr\u00fcfe ich die Kompatibilit\u00e4t?<\/strong><br \/>Vergleichen Sie das exakte Modell, die Ausf\u00fchrung und die technischen Merkmale mit dem Originalteil.<\/p>\n<p><strong>Ist eine Montage in Bern m\u00f6glich?<\/strong><br \/>Ja, je nach Fahrzeug und Bauteil k\u00f6nnen wir Diagnose und Montage in unserer Werkstatt \u00fcbernehmen.<\/p>\n","protected":false},"excerpt":{"rendered":"<p>Bremsscheibe P1F \u2013 Ersatzteil oder Zubeh\u00f6r f\u00fcr die angegebenen Modelle. Kompatibilit\u00e4t vor der Bestellung pr\u00fcfen.<\/p>\n","protected":false},"featured_media":17103,"comment_status":"open","ping_status":"closed","template":"","meta":[],"product_brand":[],"product_cat":[1045,1044],"product_tag":[],"class_list":["post-21232","product","type-product","status-publish","has-post-thumbnail","product_cat-fahrradteile-robust-langlebig-und-perfekt-fuer-jede-fahrt","product_cat-ersatzteile-zuverlaessige-komponenten-fuer-jede-reparatur","first","instock","taxable","shipping-taxable","purchasable","product-type-simple"],"jetpack_sharing_enabled":true,"jetpack-related-posts":[{"id":21190,"url":"https:\/\/inmotion-suisse.ch\/de\/produkt\/fusstutzenhalter-vorderrad-p1f\/","url_meta":{"origin":21232,"position":0},"title":"Fu\u00dfst\u00fctzenhalter Vorderrad P1F","author":"adminInmotion","date":"27 Juni 2022","format":false,"excerpt":"Fu\u00dfst\u00fctzenhalter Vorderrad P1F \u2013 Ersatzteil oder Zubeh\u00f6r f\u00fcr die angegebenen Modelle. Kompatibilit\u00e4t vor der Bestellung pr\u00fcfen.","rel":"","context":"\u00c4hnlicher Beitrag","block_context":{"text":"\u00c4hnlicher Beitrag","link":""},"img":{"alt_text":"","src":"https:\/\/i0.wp.com\/inmotion-suisse.ch\/wp-content\/uploads\/2022\/06\/screenshot-2024-11-22-034213.jpg?resize=350%2C200&ssl=1","width":350,"height":200,"srcset":"https:\/\/i0.wp.com\/inmotion-suisse.ch\/wp-content\/uploads\/2022\/06\/screenshot-2024-11-22-034213.jpg?resize=350%2C200&ssl=1 1x, https:\/\/i0.wp.com\/inmotion-suisse.ch\/wp-content\/uploads\/2022\/06\/screenshot-2024-11-22-034213.jpg?resize=525%2C300&ssl=1 1.5x, https:\/\/i0.wp.com\/inmotion-suisse.ch\/wp-content\/uploads\/2022\/06\/screenshot-2024-11-22-034213.jpg?resize=700%2C400&ssl=1 2x"},"classes":[]},{"id":21210,"url":"https:\/\/inmotion-suisse.ch\/de\/produkt\/seitenstander-p1f\/","url_meta":{"origin":21232,"position":1},"title":"Seitenst\u00e4nder P1F","author":"adminInmotion","date":"27 Juni 2022","format":false,"excerpt":"Seitenst\u00e4nder P1F \u2013 Ersatzteil oder Zubeh\u00f6r f\u00fcr die angegebenen Modelle. Kompatibilit\u00e4t vor der Bestellung pr\u00fcfen.","rel":"","context":"\u00c4hnlicher Beitrag","block_context":{"text":"\u00c4hnlicher Beitrag","link":""},"img":{"alt_text":"","src":"https:\/\/i0.wp.com\/inmotion-suisse.ch\/wp-content\/uploads\/2022\/06\/screenshot-2024-11-22-034213-1.jpg?resize=350%2C200&ssl=1","width":350,"height":200,"srcset":"https:\/\/i0.wp.com\/inmotion-suisse.ch\/wp-content\/uploads\/2022\/06\/screenshot-2024-11-22-034213-1.jpg?resize=350%2C200&ssl=1 1x, https:\/\/i0.wp.com\/inmotion-suisse.ch\/wp-content\/uploads\/2022\/06\/screenshot-2024-11-22-034213-1.jpg?resize=525%2C300&ssl=1 1.5x, https:\/\/i0.wp.com\/inmotion-suisse.ch\/wp-content\/uploads\/2022\/06\/screenshot-2024-11-22-034213-1.jpg?resize=700%2C400&ssl=1 2x"},"classes":[]},{"id":21256,"url":"https:\/\/inmotion-suisse.ch\/de\/produkt\/akku-p1f\/","url_meta":{"origin":21232,"position":2},"title":"Akku P1F","author":"adminInmotion","date":"27 Juni 2022","format":false,"excerpt":"Akku P1F \u2013 Ersatzteil oder Zubeh\u00f6r f\u00fcr die angegebenen Modelle. Kompatibilit\u00e4t vor der Bestellung pr\u00fcfen.","rel":"","context":"\u00c4hnlicher Beitrag","block_context":{"text":"\u00c4hnlicher Beitrag","link":""},"img":{"alt_text":"","src":"https:\/\/i0.wp.com\/inmotion-suisse.ch\/wp-content\/uploads\/2024\/11\/screenshot-2024-11-15-213158.jpg?resize=350%2C200&ssl=1","width":350,"height":200,"srcset":"https:\/\/i0.wp.com\/inmotion-suisse.ch\/wp-content\/uploads\/2024\/11\/screenshot-2024-11-15-213158.jpg?resize=350%2C200&ssl=1 1x, https:\/\/i0.wp.com\/inmotion-suisse.ch\/wp-content\/uploads\/2024\/11\/screenshot-2024-11-15-213158.jpg?resize=525%2C300&ssl=1 1.5x, https:\/\/i0.wp.com\/inmotion-suisse.ch\/wp-content\/uploads\/2024\/11\/screenshot-2024-11-15-213158.jpg?resize=700%2C400&ssl=1 2x"},"classes":[]},{"id":21182,"url":"https:\/\/inmotion-suisse.ch\/de\/produkt\/hinterreifen-inmotion-p1-p1f\/","url_meta":{"origin":21232,"position":3},"title":"Hinterreifen Inmotion P1\/P1F","author":"adminInmotion","date":"27 Juni 2022","format":false,"excerpt":"Hinterreifen Inmotion P1\/P1F \u2013 Ersatzteil oder Zubeh\u00f6r f\u00fcr die angegebenen Modelle. Kompatibilit\u00e4t vor der Bestellung pr\u00fcfen.","rel":"","context":"\u00c4hnlicher Beitrag","block_context":{"text":"\u00c4hnlicher Beitrag","link":""},"img":{"alt_text":"","src":"https:\/\/i0.wp.com\/inmotion-suisse.ch\/wp-content\/uploads\/2022\/06\/screenshot-2024-11-22-035013.jpg?resize=350%2C200&ssl=1","width":350,"height":200,"srcset":"https:\/\/i0.wp.com\/inmotion-suisse.ch\/wp-content\/uploads\/2022\/06\/screenshot-2024-11-22-035013.jpg?resize=350%2C200&ssl=1 1x, https:\/\/i0.wp.com\/inmotion-suisse.ch\/wp-content\/uploads\/2022\/06\/screenshot-2024-11-22-035013.jpg?resize=525%2C300&ssl=1 1.5x, https:\/\/i0.wp.com\/inmotion-suisse.ch\/wp-content\/uploads\/2022\/06\/screenshot-2024-11-22-035013.jpg?resize=700%2C400&ssl=1 2x"},"classes":[]},{"id":21271,"url":"https:\/\/inmotion-suisse.ch\/de\/produkt\/batteriehalter-inmotion-p1-p1f\/","url_meta":{"origin":21232,"position":4},"title":"Batteriehalter Inmotion P1-P1F","author":"adminInmotion","date":"27 Juni 2022","format":false,"excerpt":"Batteriehalter Inmotion P1-P1F \u2013 Ersatzteil oder Zubeh\u00f6r f\u00fcr die angegebenen Modelle. Kompatibilit\u00e4t vor der Bestellung pr\u00fcfen.","rel":"","context":"\u00c4hnlicher Beitrag","block_context":{"text":"\u00c4hnlicher Beitrag","link":""},"img":{"alt_text":"","src":"https:\/\/i0.wp.com\/inmotion-suisse.ch\/wp-content\/uploads\/2022\/06\/screenshot-2024-11-22-035946.jpg?resize=350%2C200&ssl=1","width":350,"height":200},"classes":[]},{"id":21327,"url":"https:\/\/inmotion-suisse.ch\/de\/produkt\/sattelklemme-p1-p1f\/","url_meta":{"origin":21232,"position":5},"title":"Sattelklemme P1-P1F","author":"adminInmotion","date":"17 Oktober 2022","format":false,"excerpt":"Sattelklemme P1-P1F \u2013 Ersatzteil oder Zubeh\u00f6r f\u00fcr die angegebenen Modelle. Kompatibilit\u00e4t vor der Bestellung pr\u00fcfen.","rel":"","context":"\u00c4hnlicher Beitrag","block_context":{"text":"\u00c4hnlicher Beitrag","link":""},"img":{"alt_text":"","src":"https:\/\/i0.wp.com\/inmotion-suisse.ch\/wp-content\/uploads\/2022\/10\/screenshot-2024-11-22-185951-1.jpg?resize=350%2C200&ssl=1","width":350,"height":200,"srcset":"https:\/\/i0.wp.com\/inmotion-suisse.ch\/wp-content\/uploads\/2022\/10\/screenshot-2024-11-22-185951-1.jpg?resize=350%2C200&ssl=1 1x, https:\/\/i0.wp.com\/inmotion-suisse.ch\/wp-content\/uploads\/2022\/10\/screenshot-2024-11-22-185951-1.jpg?resize=525%2C300&ssl=1 1.5x, https:\/\/i0.wp.com\/inmotion-suisse.ch\/wp-content\/uploads\/2022\/10\/screenshot-2024-11-22-185951-1.jpg?resize=700%2C400&ssl=1 2x"},"classes":[]}],"_links":{"self":[{"href":"https:\/\/inmotion-suisse.ch\/de\/wp-json\/wp\/v2\/product\/21232","targetHints":{"allow":["GET"]}}],"collection":[{"href":"https:\/\/inmotion-suisse.ch\/de\/wp-json\/wp\/v2\/product"}],"about":[{"href":"https:\/\/inmotion-suisse.ch\/de\/wp-json\/wp\/v2\/types\/product"}],"replies":[{"embeddable":true,"href":"https:\/\/inmotion-suisse.ch\/de\/wp-json\/wp\/v2\/comments?post=21232"}],"wp:featuredmedia":[{"embeddable":true,"href":"https:\/\/inmotion-suisse.ch\/de\/wp-json\/wp\/v2\/media\/17103"}],"wp:attachment":[{"href":"https:\/\/inmotion-suisse.ch\/de\/wp-json\/wp\/v2\/media?parent=21232"}],"wp:term":[{"taxonomy":"product_brand","embeddable":true,"href":"https:\/\/inmotion-suisse.ch\/de\/wp-json\/wp\/v2\/product_brand?post=21232"},{"taxonomy":"product_cat","embeddable":true,"href":"https:\/\/inmotion-suisse.ch\/de\/wp-json\/wp\/v2\/product_cat?post=21232"},{"taxonomy":"product_tag","embeddable":true,"href":"https:\/\/inmotion-suisse.ch\/de\/wp-json\/wp\/v2\/product_tag?post=21232"}],"curies":[{"name":"wp","href":"https:\/\/api.w.org\/{rel}","templated":true}]}}