{"id":21238,"date":"2022-06-27T19:28:29","date_gmt":"2022-06-27T17:28:29","guid":{"rendered":"https:\/\/inmotion-suisse.ch\/produit\/port-de-charge-l8-l8f\/"},"modified":"2026-09-04T20:48:39","modified_gmt":"2026-09-04T18:48:39","slug":"ladebuchse-l8-l8f","status":"publish","type":"product","link":"https:\/\/inmotion-suisse.ch\/de\/produkt\/ladebuchse-l8-l8f\/","title":{"rendered":"Ladebuchse L8-L8F"},"content":{"rendered":"<h2>Ladebuchse L8-L8F: Kompatibilit\u00e4t und Einbau<\/h2>\n<p>Ladebuchse L8-L8F ist ein Ersatzteil bzw. Zubeh\u00f6r f\u00fcr die im Produkttitel genannten Modelle. Pr\u00fcfen Sie vor der Bestellung die genaue Fahrzeugversion und vergleichen Sie das Teil mit dem Original.<\/p>\n<h3>Vor der Montage pr\u00fcfen<\/h3>\n<p>Pr\u00fcfen Sie Modell, Hardware-Version, Teilenummer und s\u00e4mtliche Steckverbinder. Elektronische Komponenten sollten nicht nur anhand der \u00e4u\u00dferen Form ausgew\u00e4hlt werden.<\/p>\n<h3>Service in der Schweiz<\/h3>\n<p>Inmotion Suisse bietet in der Werkstatt in Bern Diagnose, Reparatur und je nach Bauteil auch den fachgerechten Einbau an. Senden Sie uns bei Unsicherheit Modell, Seriennummer und Fotos des Originalteils bzw. der Steckverbinder.<\/p>\n<h3>H\u00e4ufige Fragen<\/h3>\n<p><strong>Wie pr\u00fcfe ich die Kompatibilit\u00e4t?<\/strong><br \/>Vergleichen Sie das exakte Modell, die Ausf\u00fchrung und die technischen Merkmale mit dem Originalteil.<\/p>\n<p><strong>Ist eine Montage in Bern m\u00f6glich?<\/strong><br \/>Ja, je nach Fahrzeug und Bauteil k\u00f6nnen wir Diagnose und Montage in unserer Werkstatt \u00fcbernehmen.<\/p>\n","protected":false},"excerpt":{"rendered":"<p>Ladebuchse L8-L8F \u2013 Ersatzteil oder Zubeh\u00f6r f\u00fcr die angegebenen Modelle. Kompatibilit\u00e4t vor der Bestellung pr\u00fcfen.<\/p>\n","protected":false},"featured_media":21239,"comment_status":"open","ping_status":"closed","template":"","meta":[],"product_brand":[],"product_cat":[1044,1050],"product_tag":[1094,1093],"class_list":["post-21238","product","type-product","status-publish","has-post-thumbnail","product_cat-ersatzteile-zuverlaessige-komponenten-fuer-jede-reparatur","product_cat-e-scooter-teile-zuverlaessig-robust-und-passgenau-fuer-ihren-scooter","product_tag-inmotion-v11y-de","product_tag-inmotion-v12-de","first","instock","taxable","shipping-taxable","purchasable","product-type-simple"],"jetpack_sharing_enabled":true,"jetpack-related-posts":[{"id":21297,"url":"https:\/\/inmotion-suisse.ch\/de\/produkt\/ladegerat-l8-l8f\/","url_meta":{"origin":21238,"position":0},"title":"Ladeger\u00e4t L8-L8F","author":"adminInmotion","date":"27 Juni 2022","format":false,"excerpt":"Ladeger\u00e4t L8-L8F \u2013 Ersatzteil oder Zubeh\u00f6r f\u00fcr die angegebenen Modelle. Kompatibilit\u00e4t vor der Bestellung pr\u00fcfen.","rel":"","context":"\u00c4hnlicher Beitrag","block_context":{"text":"\u00c4hnlicher Beitrag","link":""},"img":{"alt_text":"","src":"https:\/\/i0.wp.com\/inmotion-suisse.ch\/wp-content\/uploads\/2024\/11\/screenshot-2024-11-15-214220.jpg?resize=350%2C200&ssl=1","width":350,"height":200,"srcset":"https:\/\/i0.wp.com\/inmotion-suisse.ch\/wp-content\/uploads\/2024\/11\/screenshot-2024-11-15-214220.jpg?resize=350%2C200&ssl=1 1x, https:\/\/i0.wp.com\/inmotion-suisse.ch\/wp-content\/uploads\/2024\/11\/screenshot-2024-11-15-214220.jpg?resize=525%2C300&ssl=1 1.5x, https:\/\/i0.wp.com\/inmotion-suisse.ch\/wp-content\/uploads\/2024\/11\/screenshot-2024-11-15-214220.jpg?resize=700%2C400&ssl=1 2x"},"classes":[]},{"id":21196,"url":"https:\/\/inmotion-suisse.ch\/de\/produkt\/schlauch-l8-l8f-fur-blaues-rad\/","url_meta":{"origin":21238,"position":1},"title":"Schlauch L8-L8F f\u00fcr blaues Rad","author":"adminInmotion","date":"27 Juni 2022","format":false,"excerpt":"Schlauch L8-L8F f\u00fcr blaues Rad \u2013 Ersatzteil oder Zubeh\u00f6r f\u00fcr die angegebenen Modelle. Kompatibilit\u00e4t vor der Bestellung pr\u00fcfen.","rel":"","context":"\u00c4hnlicher Beitrag","block_context":{"text":"\u00c4hnlicher Beitrag","link":""},"img":{"alt_text":"","src":"https:\/\/i0.wp.com\/inmotion-suisse.ch\/wp-content\/uploads\/2024\/11\/screenshot-2024-11-22-025031.jpg?resize=350%2C200&ssl=1","width":350,"height":200,"srcset":"https:\/\/i0.wp.com\/inmotion-suisse.ch\/wp-content\/uploads\/2024\/11\/screenshot-2024-11-22-025031.jpg?resize=350%2C200&ssl=1 1x, https:\/\/i0.wp.com\/inmotion-suisse.ch\/wp-content\/uploads\/2024\/11\/screenshot-2024-11-22-025031.jpg?resize=525%2C300&ssl=1 1.5x, https:\/\/i0.wp.com\/inmotion-suisse.ch\/wp-content\/uploads\/2024\/11\/screenshot-2024-11-22-025031.jpg?resize=700%2C400&ssl=1 2x"},"classes":[]},{"id":21198,"url":"https:\/\/inmotion-suisse.ch\/de\/produkt\/schlauch-l8-l8f-fur-schwarzes-rad\/","url_meta":{"origin":21238,"position":2},"title":"Schlauch L8-L8F f\u00fcr schwarzes Rad","author":"adminInmotion","date":"27 Juni 2022","format":false,"excerpt":"Schlauch L8-L8F f\u00fcr schwarzes Rad \u2013 Ersatzteil oder Zubeh\u00f6r f\u00fcr die angegebenen Modelle. Kompatibilit\u00e4t vor der Bestellung pr\u00fcfen.","rel":"","context":"\u00c4hnlicher Beitrag","block_context":{"text":"\u00c4hnlicher Beitrag","link":""},"img":{"alt_text":"","src":"https:\/\/i0.wp.com\/inmotion-suisse.ch\/wp-content\/uploads\/2024\/11\/screenshot-2024-11-22-025031.jpg?resize=350%2C200&ssl=1","width":350,"height":200,"srcset":"https:\/\/i0.wp.com\/inmotion-suisse.ch\/wp-content\/uploads\/2024\/11\/screenshot-2024-11-22-025031.jpg?resize=350%2C200&ssl=1 1x, https:\/\/i0.wp.com\/inmotion-suisse.ch\/wp-content\/uploads\/2024\/11\/screenshot-2024-11-22-025031.jpg?resize=525%2C300&ssl=1 1.5x, https:\/\/i0.wp.com\/inmotion-suisse.ch\/wp-content\/uploads\/2024\/11\/screenshot-2024-11-22-025031.jpg?resize=700%2C400&ssl=1 2x"},"classes":[]},{"id":21204,"url":"https:\/\/inmotion-suisse.ch\/de\/produkt\/schutzblech-inmotion-l8\/","url_meta":{"origin":21238,"position":3},"title":"Schutzblech Inmotion L8","author":"adminInmotion","date":"27 Juni 2022","format":false,"excerpt":"Schutzblech Inmotion L8 \u2013 Ersatzteil oder Zubeh\u00f6r f\u00fcr die angegebenen Modelle. Kompatibilit\u00e4t vor der Bestellung pr\u00fcfen.","rel":"","context":"\u00c4hnlicher Beitrag","block_context":{"text":"\u00c4hnlicher Beitrag","link":""},"img":{"alt_text":"","src":"https:\/\/i0.wp.com\/inmotion-suisse.ch\/wp-content\/uploads\/2024\/11\/screenshot-2024-11-22-032825.jpg?resize=350%2C200&ssl=1","width":350,"height":200,"srcset":"https:\/\/i0.wp.com\/inmotion-suisse.ch\/wp-content\/uploads\/2024\/11\/screenshot-2024-11-22-032825.jpg?resize=350%2C200&ssl=1 1x, https:\/\/i0.wp.com\/inmotion-suisse.ch\/wp-content\/uploads\/2024\/11\/screenshot-2024-11-22-032825.jpg?resize=525%2C300&ssl=1 1.5x, https:\/\/i0.wp.com\/inmotion-suisse.ch\/wp-content\/uploads\/2024\/11\/screenshot-2024-11-22-032825.jpg?resize=700%2C400&ssl=1 2x"},"classes":[]},{"id":21222,"url":"https:\/\/inmotion-suisse.ch\/de\/produkt\/controller-l8f\/","url_meta":{"origin":21238,"position":4},"title":"Controller L8F","author":"adminInmotion","date":"27 Juni 2022","format":false,"excerpt":"Controller L8F \u2013 Ersatzteil oder Zubeh\u00f6r f\u00fcr die angegebenen Modelle. Kompatibilit\u00e4t vor der Bestellung pr\u00fcfen.","rel":"","context":"\u00c4hnlicher Beitrag","block_context":{"text":"\u00c4hnlicher Beitrag","link":""},"img":{"alt_text":"Contr\u00f4leur pour Inmotion L8F","src":"https:\/\/i0.wp.com\/inmotion-suisse.ch\/wp-content\/uploads\/2024\/11\/screenshot-2024-11-15-215549.jpg?resize=350%2C200&ssl=1","width":350,"height":200,"srcset":"https:\/\/i0.wp.com\/inmotion-suisse.ch\/wp-content\/uploads\/2024\/11\/screenshot-2024-11-15-215549.jpg?resize=350%2C200&ssl=1 1x, https:\/\/i0.wp.com\/inmotion-suisse.ch\/wp-content\/uploads\/2024\/11\/screenshot-2024-11-15-215549.jpg?resize=525%2C300&ssl=1 1.5x"},"classes":[]},{"id":21220,"url":"https:\/\/inmotion-suisse.ch\/de\/produkt\/hintere-gehauseschalen-l8f\/","url_meta":{"origin":21238,"position":5},"title":"Hintere Geh\u00e4useschalen L8F","author":"adminInmotion","date":"27 Juni 2022","format":false,"excerpt":"Hintere Geh\u00e4useschalen L8F \u2013 Ersatzteil oder Zubeh\u00f6r f\u00fcr die angegebenen Modelle. Kompatibilit\u00e4t vor der Bestellung pr\u00fcfen.","rel":"","context":"\u00c4hnlicher Beitrag","block_context":{"text":"\u00c4hnlicher Beitrag","link":""},"img":{"alt_text":"","src":"https:\/\/i0.wp.com\/inmotion-suisse.ch\/wp-content\/uploads\/2024\/11\/screenshot-2024-11-22-033850.jpg?resize=350%2C200&ssl=1","width":350,"height":200,"srcset":"https:\/\/i0.wp.com\/inmotion-suisse.ch\/wp-content\/uploads\/2024\/11\/screenshot-2024-11-22-033850.jpg?resize=350%2C200&ssl=1 1x, https:\/\/i0.wp.com\/inmotion-suisse.ch\/wp-content\/uploads\/2024\/11\/screenshot-2024-11-22-033850.jpg?resize=525%2C300&ssl=1 1.5x"},"classes":[]}],"_links":{"self":[{"href":"https:\/\/inmotion-suisse.ch\/de\/wp-json\/wp\/v2\/product\/21238","targetHints":{"allow":["GET"]}}],"collection":[{"href":"https:\/\/inmotion-suisse.ch\/de\/wp-json\/wp\/v2\/product"}],"about":[{"href":"https:\/\/inmotion-suisse.ch\/de\/wp-json\/wp\/v2\/types\/product"}],"replies":[{"embeddable":true,"href":"https:\/\/inmotion-suisse.ch\/de\/wp-json\/wp\/v2\/comments?post=21238"}],"wp:featuredmedia":[{"embeddable":true,"href":"https:\/\/inmotion-suisse.ch\/de\/wp-json\/wp\/v2\/media\/21239"}],"wp:attachment":[{"href":"https:\/\/inmotion-suisse.ch\/de\/wp-json\/wp\/v2\/media?parent=21238"}],"wp:term":[{"taxonomy":"product_brand","embeddable":true,"href":"https:\/\/inmotion-suisse.ch\/de\/wp-json\/wp\/v2\/product_brand?post=21238"},{"taxonomy":"product_cat","embeddable":true,"href":"https:\/\/inmotion-suisse.ch\/de\/wp-json\/wp\/v2\/product_cat?post=21238"},{"taxonomy":"product_tag","embeddable":true,"href":"https:\/\/inmotion-suisse.ch\/de\/wp-json\/wp\/v2\/product_tag?post=21238"}],"curies":[{"name":"wp","href":"https:\/\/api.w.org\/{rel}","templated":true}]}}