{"id":21467,"date":"2023-09-20T15:13:01","date_gmt":"2023-09-20T13:13:01","guid":{"rendered":"https:\/\/inmotion-suisse.ch\/produit\/batterie-p2\/"},"modified":"2026-09-04T20:49:20","modified_gmt":"2026-09-04T18:49:20","slug":"akku-inmotion-p2","status":"publish","type":"product","link":"https:\/\/inmotion-suisse.ch\/de\/produkt\/akku-inmotion-p2\/","title":{"rendered":"Akku Inmotion P2"},"content":{"rendered":"<h2>Akku Inmotion P2: Kompatibilit\u00e4t und Einbau<\/h2>\n<p>Akku Inmotion P2 ist ein Ersatzteil bzw. Zubeh\u00f6r f\u00fcr die im Produkttitel genannten Modelle. Pr\u00fcfen Sie vor der Bestellung die genaue Fahrzeugversion und vergleichen Sie das Teil mit dem Original.<\/p>\n<h3>Vor der Montage pr\u00fcfen<\/h3>\n<p>Pr\u00fcfen Sie Spannung, Kapazit\u00e4t, Abmessungen, Steckverbinder und Teilenummer. Arbeiten am Hochstrom-Batteriesystem sollten fachgerecht durchgef\u00fchrt werden.<\/p>\n<h3>Service in der Schweiz<\/h3>\n<p>Inmotion Suisse bietet in der Werkstatt in Bern Diagnose, Reparatur und je nach Bauteil auch den fachgerechten Einbau an. Senden Sie uns bei Unsicherheit Modell, Seriennummer und Fotos des Originalteils bzw. der Steckverbinder.<\/p>\n<h3>H\u00e4ufige Fragen<\/h3>\n<p><strong>Wie pr\u00fcfe ich die Kompatibilit\u00e4t?<\/strong><br \/>Vergleichen Sie das exakte Modell, die Ausf\u00fchrung und die technischen Merkmale mit dem Originalteil.<\/p>\n<p><strong>Ist eine Montage in Bern m\u00f6glich?<\/strong><br \/>Ja, je nach Fahrzeug und Bauteil k\u00f6nnen wir Diagnose und Montage in unserer Werkstatt \u00fcbernehmen.<\/p>\n","protected":false},"excerpt":{"rendered":"<p>Akku Inmotion P2 \u2013 Ersatzteil oder Zubeh\u00f6r f\u00fcr die angegebenen Modelle. Kompatibilit\u00e4t vor der Bestellung pr\u00fcfen.<\/p>\n","protected":false},"featured_media":21468,"comment_status":"open","ping_status":"closed","template":"","meta":[],"product_brand":[],"product_cat":[1044,1045],"product_tag":[],"class_list":["post-21467","product","type-product","status-publish","has-post-thumbnail","product_cat-ersatzteile-zuverlaessige-komponenten-fuer-jede-reparatur","product_cat-fahrradteile-robust-langlebig-und-perfekt-fuer-jede-fahrt","first","onbackorder","taxable","shipping-taxable","purchasable","product-type-simple"],"jetpack_sharing_enabled":true,"jetpack-related-posts":[{"id":21256,"url":"https:\/\/inmotion-suisse.ch\/de\/produkt\/akku-p1f\/","url_meta":{"origin":21467,"position":0},"title":"Akku P1F","author":"adminInmotion","date":"27 Juni 2022","format":false,"excerpt":"Akku P1F \u2013 Ersatzteil oder Zubeh\u00f6r f\u00fcr die angegebenen Modelle. Kompatibilit\u00e4t vor der Bestellung pr\u00fcfen.","rel":"","context":"\u00c4hnlicher Beitrag","block_context":{"text":"\u00c4hnlicher Beitrag","link":""},"img":{"alt_text":"","src":"https:\/\/i0.wp.com\/inmotion-suisse.ch\/wp-content\/uploads\/2024\/11\/screenshot-2024-11-15-213158.jpg?resize=350%2C200&ssl=1","width":350,"height":200,"srcset":"https:\/\/i0.wp.com\/inmotion-suisse.ch\/wp-content\/uploads\/2024\/11\/screenshot-2024-11-15-213158.jpg?resize=350%2C200&ssl=1 1x, https:\/\/i0.wp.com\/inmotion-suisse.ch\/wp-content\/uploads\/2024\/11\/screenshot-2024-11-15-213158.jpg?resize=525%2C300&ssl=1 1.5x, https:\/\/i0.wp.com\/inmotion-suisse.ch\/wp-content\/uploads\/2024\/11\/screenshot-2024-11-15-213158.jpg?resize=700%2C400&ssl=1 2x"},"classes":[]},{"id":21279,"url":"https:\/\/inmotion-suisse.ch\/de\/produkt\/akku-p2f\/","url_meta":{"origin":21467,"position":1},"title":"Akku P2F","author":"adminInmotion","date":"27 Juni 2022","format":false,"excerpt":"Akku P2F \u2013 Ersatzteil oder Zubeh\u00f6r f\u00fcr die angegebenen Modelle. Kompatibilit\u00e4t vor der Bestellung pr\u00fcfen.","rel":"","context":"\u00c4hnlicher Beitrag","block_context":{"text":"\u00c4hnlicher Beitrag","link":""},"img":{"alt_text":"","src":"https:\/\/i0.wp.com\/inmotion-suisse.ch\/wp-content\/uploads\/2022\/06\/screenshot-2024-12-25-182947.jpg?resize=350%2C200&ssl=1","width":350,"height":200,"srcset":"https:\/\/i0.wp.com\/inmotion-suisse.ch\/wp-content\/uploads\/2022\/06\/screenshot-2024-12-25-182947.jpg?resize=350%2C200&ssl=1 1x, https:\/\/i0.wp.com\/inmotion-suisse.ch\/wp-content\/uploads\/2022\/06\/screenshot-2024-12-25-182947.jpg?resize=525%2C300&ssl=1 1.5x, https:\/\/i0.wp.com\/inmotion-suisse.ch\/wp-content\/uploads\/2022\/06\/screenshot-2024-12-25-182947.jpg?resize=700%2C400&ssl=1 2x"},"classes":[]},{"id":21608,"url":"https:\/\/inmotion-suisse.ch\/de\/produkt\/akku-inmotion-s1f-s1g\/","url_meta":{"origin":21467,"position":2},"title":"Akku Inmotion S1F\/S1G","author":"adminInmotion","date":"17 Februar 2023","format":false,"excerpt":"Akku Inmotion S1F\/S1G \u2013 Ersatzteil oder Zubeh\u00f6r f\u00fcr die angegebenen Modelle. Kompatibilit\u00e4t vor der Bestellung pr\u00fcfen.","rel":"","context":"\u00c4hnlicher Beitrag","block_context":{"text":"\u00c4hnlicher Beitrag","link":""},"img":{"alt_text":"Batterie pour v\u00e9hicules \u00e9lectriques Inmotion","src":"https:\/\/i0.wp.com\/inmotion-suisse.ch\/wp-content\/uploads\/2024\/11\/screenshot-2024-11-15-215133.jpg?resize=350%2C200&ssl=1","width":350,"height":200,"srcset":"https:\/\/i0.wp.com\/inmotion-suisse.ch\/wp-content\/uploads\/2024\/11\/screenshot-2024-11-15-215133.jpg?resize=350%2C200&ssl=1 1x, https:\/\/i0.wp.com\/inmotion-suisse.ch\/wp-content\/uploads\/2024\/11\/screenshot-2024-11-15-215133.jpg?resize=525%2C300&ssl=1 1.5x, https:\/\/i0.wp.com\/inmotion-suisse.ch\/wp-content\/uploads\/2024\/11\/screenshot-2024-11-15-215133.jpg?resize=700%2C400&ssl=1 2x"},"classes":[]},{"id":21293,"url":"https:\/\/inmotion-suisse.ch\/de\/produkt\/akku-inmotion-climber\/","url_meta":{"origin":21467,"position":3},"title":"Akku Inmotion Climber","author":"adminInmotion","date":"27 Juni 2022","format":false,"excerpt":"Akku Inmotion Climber \u2013 Ersatzteil oder Zubeh\u00f6r f\u00fcr die angegebenen Modelle. Kompatibilit\u00e4t vor der Bestellung pr\u00fcfen.","rel":"","context":"\u00c4hnlicher Beitrag","block_context":{"text":"\u00c4hnlicher Beitrag","link":""},"img":{"alt_text":"Batterie pour v\u00e9hicules \u00e9lectriques Inmotion","src":"https:\/\/i0.wp.com\/inmotion-suisse.ch\/wp-content\/uploads\/2024\/11\/screenshot-2024-11-15-215133.jpg?resize=350%2C200&ssl=1","width":350,"height":200,"srcset":"https:\/\/i0.wp.com\/inmotion-suisse.ch\/wp-content\/uploads\/2024\/11\/screenshot-2024-11-15-215133.jpg?resize=350%2C200&ssl=1 1x, https:\/\/i0.wp.com\/inmotion-suisse.ch\/wp-content\/uploads\/2024\/11\/screenshot-2024-11-15-215133.jpg?resize=525%2C300&ssl=1 1.5x, https:\/\/i0.wp.com\/inmotion-suisse.ch\/wp-content\/uploads\/2024\/11\/screenshot-2024-11-15-215133.jpg?resize=700%2C400&ssl=1 2x"},"classes":[]},{"id":21273,"url":"https:\/\/inmotion-suisse.ch\/de\/produkt\/batteriehalter-p2-p2f\/","url_meta":{"origin":21467,"position":4},"title":"Batteriehalter P2-P2F","author":"adminInmotion","date":"27 Juni 2022","format":false,"excerpt":"Batteriehalter P2-P2F \u2013 Ersatzteil oder Zubeh\u00f6r f\u00fcr die angegebenen Modelle. Kompatibilit\u00e4t vor der Bestellung pr\u00fcfen.","rel":"","context":"\u00c4hnlicher Beitrag","block_context":{"text":"\u00c4hnlicher Beitrag","link":""},"img":{"alt_text":"","src":"https:\/\/i0.wp.com\/inmotion-suisse.ch\/wp-content\/uploads\/2022\/06\/screenshot-2024-11-22-035946.jpg?resize=350%2C200&ssl=1","width":350,"height":200},"classes":[]},{"id":21325,"url":"https:\/\/inmotion-suisse.ch\/de\/produkt\/sattelklemme-p2-p2f\/","url_meta":{"origin":21467,"position":5},"title":"Sattelklemme P2-P2F","author":"adminInmotion","date":"17 Oktober 2022","format":false,"excerpt":"Sattelklemme P2-P2F \u2013 Ersatzteil oder Zubeh\u00f6r f\u00fcr die angegebenen Modelle. Kompatibilit\u00e4t vor der Bestellung pr\u00fcfen.","rel":"","context":"\u00c4hnlicher Beitrag","block_context":{"text":"\u00c4hnlicher Beitrag","link":""},"img":{"alt_text":"","src":"https:\/\/i0.wp.com\/inmotion-suisse.ch\/wp-content\/uploads\/2022\/10\/screenshot-2024-11-22-185951-1.jpg?resize=350%2C200&ssl=1","width":350,"height":200,"srcset":"https:\/\/i0.wp.com\/inmotion-suisse.ch\/wp-content\/uploads\/2022\/10\/screenshot-2024-11-22-185951-1.jpg?resize=350%2C200&ssl=1 1x, https:\/\/i0.wp.com\/inmotion-suisse.ch\/wp-content\/uploads\/2022\/10\/screenshot-2024-11-22-185951-1.jpg?resize=525%2C300&ssl=1 1.5x, https:\/\/i0.wp.com\/inmotion-suisse.ch\/wp-content\/uploads\/2022\/10\/screenshot-2024-11-22-185951-1.jpg?resize=700%2C400&ssl=1 2x"},"classes":[]}],"_links":{"self":[{"href":"https:\/\/inmotion-suisse.ch\/de\/wp-json\/wp\/v2\/product\/21467","targetHints":{"allow":["GET"]}}],"collection":[{"href":"https:\/\/inmotion-suisse.ch\/de\/wp-json\/wp\/v2\/product"}],"about":[{"href":"https:\/\/inmotion-suisse.ch\/de\/wp-json\/wp\/v2\/types\/product"}],"replies":[{"embeddable":true,"href":"https:\/\/inmotion-suisse.ch\/de\/wp-json\/wp\/v2\/comments?post=21467"}],"wp:featuredmedia":[{"embeddable":true,"href":"https:\/\/inmotion-suisse.ch\/de\/wp-json\/wp\/v2\/media\/21468"}],"wp:attachment":[{"href":"https:\/\/inmotion-suisse.ch\/de\/wp-json\/wp\/v2\/media?parent=21467"}],"wp:term":[{"taxonomy":"product_brand","embeddable":true,"href":"https:\/\/inmotion-suisse.ch\/de\/wp-json\/wp\/v2\/product_brand?post=21467"},{"taxonomy":"product_cat","embeddable":true,"href":"https:\/\/inmotion-suisse.ch\/de\/wp-json\/wp\/v2\/product_cat?post=21467"},{"taxonomy":"product_tag","embeddable":true,"href":"https:\/\/inmotion-suisse.ch\/de\/wp-json\/wp\/v2\/product_tag?post=21467"}],"curies":[{"name":"wp","href":"https:\/\/api.w.org\/{rel}","templated":true}]}}