{"id":21638,"date":"2022-06-27T19:28:30","date_gmt":"2022-06-27T17:28:30","guid":{"rendered":"https:\/\/inmotion-suisse.ch\/produit\/pedales-inmotion-p1-p1f-p2-p2f-2\/"},"modified":"2026-09-05T23:25:05","modified_gmt":"2026-09-05T21:25:05","slug":"pedale-inmotion-p1-p1f-p2-p2f","status":"publish","type":"product","link":"https:\/\/inmotion-suisse.ch\/de\/produkt\/pedale-inmotion-p1-p1f-p2-p2f\/","title":{"rendered":"Pedale Inmotion P1\/P1F\/P2\/P2F"},"content":{"rendered":"<h2>Pedale Inmotion P1\/P1F\/P2\/P2F: Kompatibilit\u00e4t und Einbau<\/h2>\n<p>Pedale Inmotion P1\/P1F\/P2\/P2F ist ein Ersatzteil bzw. Zubeh\u00f6r f\u00fcr die im Produkttitel genannten Modelle. Pr\u00fcfen Sie vor der Bestellung die genaue Fahrzeugversion und vergleichen Sie das Teil mit dem Original.<\/p>\n<h3>Vor der Montage pr\u00fcfen<\/h3>\n<p>Pr\u00fcfen Sie Einbauposition, Befestigungspunkte, Abmessungen und Modellrevision mit dem ausgebauten Originalteil.<\/p>\n<h3>Service in der Schweiz<\/h3>\n<p>Inmotion Suisse bietet in der Werkstatt in Bern Diagnose, Reparatur und je nach Bauteil auch den fachgerechten Einbau an. Senden Sie uns bei Unsicherheit Modell, Seriennummer und Fotos des Originalteils bzw. der Steckverbinder.<\/p>\n<h3>H\u00e4ufige Fragen<\/h3>\n<p><strong>Wie pr\u00fcfe ich die Kompatibilit\u00e4t?<\/strong><br \/>Vergleichen Sie das exakte Modell, die Ausf\u00fchrung und die technischen Merkmale mit dem Originalteil.<\/p>\n<p><strong>Ist eine Montage in Bern m\u00f6glich?<\/strong><br \/>Ja, je nach Fahrzeug und Bauteil k\u00f6nnen wir Diagnose und Montage in unserer Werkstatt \u00fcbernehmen.<\/p>\n","protected":false},"excerpt":{"rendered":"<p>Pedale Inmotion P1\/P1F\/P2\/P2F \u2013 Ersatzteil oder Zubeh\u00f6r f\u00fcr die angegebenen Modelle. Kompatibilit\u00e4t vor der Bestellung pr\u00fcfen.<\/p>\n","protected":false},"featured_media":18706,"comment_status":"open","ping_status":"closed","template":"","meta":[],"product_brand":[],"product_cat":[1045,43],"product_tag":[1137,182],"class_list":["post-21638","product","type-product","status-publish","has-post-thumbnail","product_cat-fahrradteile-robust-langlebig-und-perfekt-fuer-jede-fahrt","product_cat-pieces-de-velo-de-haute-qualite-pour-toutes-vos-reparations","product_tag-inmotion-v8f-de","product_tag-inmotion-v8f-agilite-et-performance","first","instock","taxable","shipping-taxable","purchasable","product-type-simple"],"jetpack_sharing_enabled":true,"jetpack-related-posts":[{"id":21329,"url":"https:\/\/inmotion-suisse.ch\/de\/produkt\/signalplatine-inmotion-p2-p2f-p1-p1f\/","url_meta":{"origin":21638,"position":0},"title":"Signalplatine Inmotion P2-P2F\/P1-P1F","author":"adminInmotion","date":"1 November 2022","format":false,"excerpt":"Signalplatine Inmotion P2-P2F\/P1-P1F \u2013 Ersatzteil oder Zubeh\u00f6r f\u00fcr die angegebenen Modelle. Kompatibilit\u00e4t vor der Bestellung pr\u00fcfen.","rel":"","context":"\u00c4hnlicher Beitrag","block_context":{"text":"\u00c4hnlicher Beitrag","link":""},"img":{"alt_text":"","src":"https:\/\/i0.wp.com\/inmotion-suisse.ch\/wp-content\/uploads\/2022\/11\/screenshot-2024-11-22-202634.jpg?resize=350%2C200&ssl=1","width":350,"height":200,"srcset":"https:\/\/i0.wp.com\/inmotion-suisse.ch\/wp-content\/uploads\/2022\/11\/screenshot-2024-11-22-202634.jpg?resize=350%2C200&ssl=1 1x, https:\/\/i0.wp.com\/inmotion-suisse.ch\/wp-content\/uploads\/2022\/11\/screenshot-2024-11-22-202634.jpg?resize=525%2C300&ssl=1 1.5x, https:\/\/i0.wp.com\/inmotion-suisse.ch\/wp-content\/uploads\/2022\/11\/screenshot-2024-11-22-202634.jpg?resize=700%2C400&ssl=1 2x"},"classes":[]},{"id":21544,"url":"https:\/\/inmotion-suisse.ch\/de\/produkt\/vorderradfelge-p1f-p2-p2f\/","url_meta":{"origin":21638,"position":1},"title":"Vorderradfelge P1F-P2-P2F","author":"adminInmotion","date":"29 November 2023","format":false,"excerpt":"Vorderradfelge P1F-P2-P2F \u2013 Ersatzteil oder Zubeh\u00f6r f\u00fcr die angegebenen Modelle. Kompatibilit\u00e4t vor der Bestellung pr\u00fcfen.","rel":"","context":"\u00c4hnlicher Beitrag","block_context":{"text":"\u00c4hnlicher Beitrag","link":""},"img":{"alt_text":"","src":"https:\/\/i0.wp.com\/inmotion-suisse.ch\/wp-content\/uploads\/2023\/11\/inmotion_p2_wheel_rim_front.webp?resize=350%2C200&ssl=1","width":350,"height":200,"srcset":"https:\/\/i0.wp.com\/inmotion-suisse.ch\/wp-content\/uploads\/2023\/11\/inmotion_p2_wheel_rim_front.webp?resize=350%2C200&ssl=1 1x, https:\/\/i0.wp.com\/inmotion-suisse.ch\/wp-content\/uploads\/2023\/11\/inmotion_p2_wheel_rim_front.webp?resize=525%2C300&ssl=1 1.5x"},"classes":[]},{"id":21299,"url":"https:\/\/inmotion-suisse.ch\/de\/produkt\/ladegerat-p1f-p2-p2f\/","url_meta":{"origin":21638,"position":2},"title":"Ladeger\u00e4t P1F-P2-P2F","author":"adminInmotion","date":"27 Juni 2022","format":false,"excerpt":"Ladeger\u00e4t P1F-P2-P2F \u2013 Ersatzteil oder Zubeh\u00f6r f\u00fcr die angegebenen Modelle. Kompatibilit\u00e4t vor der Bestellung pr\u00fcfen.","rel":"","context":"\u00c4hnlicher Beitrag","block_context":{"text":"\u00c4hnlicher Beitrag","link":""},"img":{"alt_text":"","src":"https:\/\/i0.wp.com\/inmotion-suisse.ch\/wp-content\/uploads\/2024\/11\/screenshot-2024-11-15-214220.jpg?resize=350%2C200&ssl=1","width":350,"height":200,"srcset":"https:\/\/i0.wp.com\/inmotion-suisse.ch\/wp-content\/uploads\/2024\/11\/screenshot-2024-11-15-214220.jpg?resize=350%2C200&ssl=1 1x, https:\/\/i0.wp.com\/inmotion-suisse.ch\/wp-content\/uploads\/2024\/11\/screenshot-2024-11-15-214220.jpg?resize=525%2C300&ssl=1 1.5x, https:\/\/i0.wp.com\/inmotion-suisse.ch\/wp-content\/uploads\/2024\/11\/screenshot-2024-11-15-214220.jpg?resize=700%2C400&ssl=1 2x"},"classes":[]},{"id":21216,"url":"https:\/\/inmotion-suisse.ch\/de\/produkt\/vorderes-schutzblech-inmotion-p1f-p2-p2f\/","url_meta":{"origin":21638,"position":3},"title":"Vorderes Schutzblech Inmotion P1F\/P2\/P2F","author":"adminInmotion","date":"27 Juni 2022","format":false,"excerpt":"Vorderes Schutzblech Inmotion P1F\/P2\/P2F \u2013 Ersatzteil oder Zubeh\u00f6r f\u00fcr die angegebenen Modelle. Kompatibilit\u00e4t vor der Bestellung pr\u00fcfen.","rel":"","context":"\u00c4hnlicher Beitrag","block_context":{"text":"\u00c4hnlicher Beitrag","link":""},"img":{"alt_text":"","src":"https:\/\/i0.wp.com\/inmotion-suisse.ch\/wp-content\/uploads\/2023\/01\/screenshot-2024-11-22-034115.jpg?resize=350%2C200&ssl=1","width":350,"height":200,"srcset":"https:\/\/i0.wp.com\/inmotion-suisse.ch\/wp-content\/uploads\/2023\/01\/screenshot-2024-11-22-034115.jpg?resize=350%2C200&ssl=1 1x, https:\/\/i0.wp.com\/inmotion-suisse.ch\/wp-content\/uploads\/2023\/01\/screenshot-2024-11-22-034115.jpg?resize=525%2C300&ssl=1 1.5x, https:\/\/i0.wp.com\/inmotion-suisse.ch\/wp-content\/uploads\/2023\/01\/screenshot-2024-11-22-034115.jpg?resize=700%2C400&ssl=1 2x"},"classes":[]},{"id":21212,"url":"https:\/\/inmotion-suisse.ch\/de\/produkt\/griffe-p1f-p2-p2f\/","url_meta":{"origin":21638,"position":4},"title":"Griffe P1F &#8211; P2 &#8211; P2F","author":"adminInmotion","date":"27 Juni 2022","format":false,"excerpt":"Griffe P1F - P2 - P2F \u2013 Ersatzteil oder Zubeh\u00f6r f\u00fcr die angegebenen Modelle. Kompatibilit\u00e4t vor der Bestellung pr\u00fcfen.","rel":"","context":"\u00c4hnlicher Beitrag","block_context":{"text":"\u00c4hnlicher Beitrag","link":""},"img":{"alt_text":"","src":"https:\/\/i0.wp.com\/inmotion-suisse.ch\/wp-content\/uploads\/2022\/06\/screenshot-2024-11-22-034137.jpg?resize=350%2C200&ssl=1","width":350,"height":200,"srcset":"https:\/\/i0.wp.com\/inmotion-suisse.ch\/wp-content\/uploads\/2022\/06\/screenshot-2024-11-22-034137.jpg?resize=350%2C200&ssl=1 1x, https:\/\/i0.wp.com\/inmotion-suisse.ch\/wp-content\/uploads\/2022\/06\/screenshot-2024-11-22-034137.jpg?resize=525%2C300&ssl=1 1.5x, https:\/\/i0.wp.com\/inmotion-suisse.ch\/wp-content\/uploads\/2022\/06\/screenshot-2024-11-22-034137.jpg?resize=700%2C400&ssl=1 2x"},"classes":[]},{"id":21214,"url":"https:\/\/inmotion-suisse.ch\/de\/produkt\/sitz-p1f-p2-p2f\/","url_meta":{"origin":21638,"position":5},"title":"Sitz P1F &#8211; P2 &#8211; P2F","author":"adminInmotion","date":"27 Juni 2022","format":false,"excerpt":"Sitz P1F - P2 - P2F \u2013 Ersatzteil oder Zubeh\u00f6r f\u00fcr die angegebenen Modelle. Kompatibilit\u00e4t vor der Bestellung pr\u00fcfen.","rel":"","context":"\u00c4hnlicher Beitrag","block_context":{"text":"\u00c4hnlicher Beitrag","link":""},"img":{"alt_text":"","src":"https:\/\/i0.wp.com\/inmotion-suisse.ch\/wp-content\/uploads\/2022\/06\/screenshot-2024-11-22-202506.jpg?resize=350%2C200&ssl=1","width":350,"height":200},"classes":[]}],"_links":{"self":[{"href":"https:\/\/inmotion-suisse.ch\/de\/wp-json\/wp\/v2\/product\/21638","targetHints":{"allow":["GET"]}}],"collection":[{"href":"https:\/\/inmotion-suisse.ch\/de\/wp-json\/wp\/v2\/product"}],"about":[{"href":"https:\/\/inmotion-suisse.ch\/de\/wp-json\/wp\/v2\/types\/product"}],"replies":[{"embeddable":true,"href":"https:\/\/inmotion-suisse.ch\/de\/wp-json\/wp\/v2\/comments?post=21638"}],"wp:featuredmedia":[{"embeddable":true,"href":"https:\/\/inmotion-suisse.ch\/de\/wp-json\/wp\/v2\/media\/18706"}],"wp:attachment":[{"href":"https:\/\/inmotion-suisse.ch\/de\/wp-json\/wp\/v2\/media?parent=21638"}],"wp:term":[{"taxonomy":"product_brand","embeddable":true,"href":"https:\/\/inmotion-suisse.ch\/de\/wp-json\/wp\/v2\/product_brand?post=21638"},{"taxonomy":"product_cat","embeddable":true,"href":"https:\/\/inmotion-suisse.ch\/de\/wp-json\/wp\/v2\/product_cat?post=21638"},{"taxonomy":"product_tag","embeddable":true,"href":"https:\/\/inmotion-suisse.ch\/de\/wp-json\/wp\/v2\/product_tag?post=21638"}],"curies":[{"name":"wp","href":"https:\/\/api.w.org\/{rel}","templated":true}]}}